{"id":5,"date":"2024-09-06T14:16:35","date_gmt":"2024-09-06T12:16:35","guid":{"rendered":"https:\/\/www.glasluckan.se\/?page_id=5"},"modified":"2025-01-21T22:58:15","modified_gmt":"2025-01-21T21:58:15","slug":"glaslucka-till-din-kakelugn","status":"publish","type":"page","link":"https:\/\/www.glasluckan.se\/","title":{"rendered":"M\u00e5ttanpassad glaslucka till din kakelugn"},"content":{"rendered":"\n<p class=\"has-black-color has-text-color has-link-color wp-elements-484b83ba6f93331a4cbe3c60fbc2fedc\">Glasluckan Sverige \u00e4r specialiserade p\u00e5 helt m\u00e5ttanpassade glasluckor till \u00e4ldre kakelugnar.<\/p>\n\n\n\n<p class=\"has-black-color has-text-color has-link-color wp-elements-1d7ba927f180962066c2f160c1712ed9\">Med en glaslucka till din kakelugn blir det m\u00f6jligt att se elden och samtidigt elda p\u00e5 ett s\u00e4kert s\u00e4tt.<\/p>\n\n\n\n<p class=\"has-black-color has-text-color has-link-color wp-elements-a48677a153e36ba9cd976f3674a19c1e\">En m\u00e5ttanpassad innerlucka i glas till din kakelugn:<\/p>\n\n\n\n<ul class=\"wp-block-list\">\n<li>Specialtillverkas helt efter din ugns m\u00e5tt<\/li>\n\n\n\n<li>G\u00f6r det m\u00f6jligt att se och njuta av elden\u00a0<\/li>\n\n\n\n<li>Begr\u00e4nsar risken f\u00f6r sprickbildning i ugnen<\/li>\n\n\n\n<li>Hindrar&nbsp;att gnistor far in i rummet<\/li>\n\n\n\n<li>Monteras p\u00e5 g\u00e5ngj\u00e4rnen f\u00f6r de befintliga innerluckorna<\/li>\n\n\n\n<li>P\u00e5verkar inte kakelugnens utseende n\u00e4r de yttre luckorna \u00e4r st\u00e4ngda<\/li>\n<\/ul>\n\n\n\n<p class=\"has-black-color has-text-color has-link-color wp-elements-4c6ec3794acf3ffbe7a1741ea4f7f0ff\"><strong>Grundpris glaslucka: 4 895 :-<\/strong><br><strong>Frakt: Fri frakt<\/strong><\/p>\n\n\n\n<p class=\"has-black-color has-text-color has-link-color wp-elements-322d4d48ad32bc41228730c35678ddb6\"><strong>Det finstilta<br><\/strong>\u00d6nskar du en lucka som \u00e4r h\u00f6gre \u00e4n 32 centimeter eller som beh\u00f6ver specialdesignas g\u00e4ller pris efter \u00f6verenskommelse.<\/p>\n\n\n\n<p class=\"has-black-color has-text-color has-link-color wp-elements-5c3e9ba561b310c07f414f807fbcc2cd\">F\u00f6r att best\u00e4lla din glaslucka laddar du ner ritningen, fyller i m\u00e5ttuppgifter och skickar tillbaks till oss via e-post eller post (info@glasluckan.se).<\/p>\n\n\n\n<p class=\"has-black-color has-text-color has-link-color wp-elements-9ac00cf961d1ea846fe5a532228b76c6\"><\/p>\n\n\n\n<div data-wp-interactive=\"core\/file\" class=\"wp-block-file\"><object data-wp-bind--hidden=\"!state.hasPdfPreview\"  class=\"wp-block-file__embed\" data=\"https:\/\/www.glasluckan.se\/wp-content\/uploads\/2024\/09\/Ritning-2.pdf\" type=\"application\/pdf\" style=\"width:100%;height:600px\" aria-label=\"Inb\u00e4ddning av Ritning.\"><\/object><a id=\"wp-block-file--media-af3f298f-c40b-40e9-ae59-bf3f4e34407f\" href=\"https:\/\/www.glasluckan.se\/wp-content\/uploads\/2024\/09\/Ritning-2.pdf\">Ritning<\/a><a href=\"https:\/\/www.glasluckan.se\/wp-content\/uploads\/2024\/09\/Ritning-2.pdf\" class=\"wp-block-file__button wp-element-button\" download aria-describedby=\"wp-block-file--media-af3f298f-c40b-40e9-ae59-bf3f4e34407f\">Ladda ner<\/a><\/div>\n\n\n\n<p class=\"has-black-color has-text-color has-link-color wp-elements-8a6e5b7014422a7554e3ee2af10d2175\"><strong>Fr\u00e5gor<br><\/strong>Skriv din fr\u00e5ga till&nbsp;<a href=\"mailto:info@glasluckan.se\">info@glasluckan.se<\/a><\/p>\n\n\n\n<p><\/p>\n","protected":false},"excerpt":{"rendered":"<p>Glasluckan Sverige \u00e4r specialiserade p\u00e5 helt m\u00e5ttanpassade glasluckor till \u00e4ldre kakelugnar. Med en glaslucka till din kakelugn blir det m\u00f6jligt att se elden och samtidigt elda p\u00e5 ett s\u00e4kert s\u00e4tt. En m\u00e5ttanpassad innerlucka i glas till din kakelugn: Grundpris glaslucka: 4 895 :-Frakt: Fri frakt Det finstilta\u00d6nskar du en lucka som \u00e4r h\u00f6gre \u00e4n 32 [&hellip;]<\/p>\n","protected":false},"author":1,"featured_media":6,"parent":0,"menu_order":0,"comment_status":"closed","ping_status":"closed","template":"","meta":{"_monsterinsights_skip_tracking":false,"_monsterinsights_sitenote_active":false,"_monsterinsights_sitenote_note":"","_monsterinsights_sitenote_category":0,"footnotes":""},"class_list":["post-5","page","type-page","status-publish","has-post-thumbnail","hentry"],"yoast_head":"<!-- This site is optimized with the Yoast SEO plugin v23.4 - https:\/\/yoast.com\/wordpress\/plugins\/seo\/ -->\n<title>M\u00e5ttanpassad glaslucka till din kakelugn - Glasluckan till din kakelugn<\/title>\n<meta name=\"robots\" content=\"index, follow, max-snippet:-1, max-image-preview:large, max-video-preview:-1\" \/>\n<link rel=\"canonical\" href=\"https:\/\/www.glasluckan.se\/\" \/>\n<meta property=\"og:locale\" content=\"sv_SE\" \/>\n<meta property=\"og:type\" content=\"article\" \/>\n<meta property=\"og:title\" content=\"M\u00e5ttanpassad glaslucka till din kakelugn - Glasluckan till din kakelugn\" \/>\n<meta property=\"og:description\" content=\"Glasluckan Sverige \u00e4r specialiserade p\u00e5 helt m\u00e5ttanpassade glasluckor till \u00e4ldre kakelugnar. Med en glaslucka till din kakelugn blir det m\u00f6jligt att se elden och samtidigt elda p\u00e5 ett s\u00e4kert s\u00e4tt. En m\u00e5ttanpassad innerlucka i glas till din kakelugn: Grundpris glaslucka: 4 895 :-Frakt: Fri frakt Det finstilta\u00d6nskar du en lucka som \u00e4r h\u00f6gre \u00e4n 32 [&hellip;]\" \/>\n<meta property=\"og:url\" content=\"https:\/\/www.glasluckan.se\/\" \/>\n<meta property=\"og:site_name\" content=\"Glasluckan till din kakelugn\" \/>\n<meta property=\"article:modified_time\" content=\"2025-01-21T21:58:15+00:00\" \/>\n<meta property=\"og:image\" content=\"https:\/\/www.glasluckan.se\/wp-content\/uploads\/2024\/09\/glaslucka-kakelugnold.png\" \/>\n\t<meta property=\"og:image:width\" content=\"500\" \/>\n\t<meta property=\"og:image:height\" content=\"404\" \/>\n\t<meta property=\"og:image:type\" content=\"image\/png\" \/>\n<meta name=\"twitter:card\" content=\"summary_large_image\" \/>\n<meta name=\"twitter:label1\" content=\"Ber\u00e4knad l\u00e4stid\" \/>\n\t<meta name=\"twitter:data1\" content=\"1 minut\" \/>\n<script type=\"application\/ld+json\" class=\"yoast-schema-graph\">{\"@context\":\"https:\/\/schema.org\",\"@graph\":[{\"@type\":\"WebPage\",\"@id\":\"https:\/\/www.glasluckan.se\/\",\"url\":\"https:\/\/www.glasluckan.se\/\",\"name\":\"M\u00e5ttanpassad glaslucka till din kakelugn - Glasluckan till din kakelugn\",\"isPartOf\":{\"@id\":\"https:\/\/www.glasluckan.se\/#website\"},\"primaryImageOfPage\":{\"@id\":\"https:\/\/www.glasluckan.se\/#primaryimage\"},\"image\":{\"@id\":\"https:\/\/www.glasluckan.se\/#primaryimage\"},\"thumbnailUrl\":\"https:\/\/www.glasluckan.se\/wp-content\/uploads\/2024\/09\/glaslucka-kakelugnold.png\",\"datePublished\":\"2024-09-06T12:16:35+00:00\",\"dateModified\":\"2025-01-21T21:58:15+00:00\",\"breadcrumb\":{\"@id\":\"https:\/\/www.glasluckan.se\/#breadcrumb\"},\"inLanguage\":\"sv-SE\",\"potentialAction\":[{\"@type\":\"ReadAction\",\"target\":[\"https:\/\/www.glasluckan.se\/\"]}]},{\"@type\":\"ImageObject\",\"inLanguage\":\"sv-SE\",\"@id\":\"https:\/\/www.glasluckan.se\/#primaryimage\",\"url\":\"https:\/\/www.glasluckan.se\/wp-content\/uploads\/2024\/09\/glaslucka-kakelugnold.png\",\"contentUrl\":\"https:\/\/www.glasluckan.se\/wp-content\/uploads\/2024\/09\/glaslucka-kakelugnold.png\",\"width\":500,\"height\":404,\"caption\":\"Glaslucka till kakelugn\"},{\"@type\":\"BreadcrumbList\",\"@id\":\"https:\/\/www.glasluckan.se\/#breadcrumb\",\"itemListElement\":[{\"@type\":\"ListItem\",\"position\":1,\"name\":\"Home\",\"item\":\"https:\/\/www.glasluckan.se\/\"},{\"@type\":\"ListItem\",\"position\":2,\"name\":\"M\u00e5ttanpassad glaslucka till din kakelugn\"}]},{\"@type\":\"WebSite\",\"@id\":\"https:\/\/www.glasluckan.se\/#website\",\"url\":\"https:\/\/www.glasluckan.se\/\",\"name\":\"Glasluckan till din kakelugn\",\"description\":\"\",\"potentialAction\":[{\"@type\":\"SearchAction\",\"target\":{\"@type\":\"EntryPoint\",\"urlTemplate\":\"https:\/\/www.glasluckan.se\/?s={search_term_string}\"},\"query-input\":{\"@type\":\"PropertyValueSpecification\",\"valueRequired\":true,\"valueName\":\"search_term_string\"}}],\"inLanguage\":\"sv-SE\"}]}<\/script>\n<!-- \/ Yoast SEO plugin. -->","yoast_head_json":{"title":"M\u00e5ttanpassad glaslucka till din kakelugn - Glasluckan till din kakelugn","robots":{"index":"index","follow":"follow","max-snippet":"max-snippet:-1","max-image-preview":"max-image-preview:large","max-video-preview":"max-video-preview:-1"},"canonical":"https:\/\/www.glasluckan.se\/","og_locale":"sv_SE","og_type":"article","og_title":"M\u00e5ttanpassad glaslucka till din kakelugn - Glasluckan till din kakelugn","og_description":"Glasluckan Sverige \u00e4r specialiserade p\u00e5 helt m\u00e5ttanpassade glasluckor till \u00e4ldre kakelugnar. Med en glaslucka till din kakelugn blir det m\u00f6jligt att se elden och samtidigt elda p\u00e5 ett s\u00e4kert s\u00e4tt. En m\u00e5ttanpassad innerlucka i glas till din kakelugn: Grundpris glaslucka: 4 895 :-Frakt: Fri frakt Det finstilta\u00d6nskar du en lucka som \u00e4r h\u00f6gre \u00e4n 32 [&hellip;]","og_url":"https:\/\/www.glasluckan.se\/","og_site_name":"Glasluckan till din kakelugn","article_modified_time":"2025-01-21T21:58:15+00:00","og_image":[{"width":500,"height":404,"url":"https:\/\/www.glasluckan.se\/wp-content\/uploads\/2024\/09\/glaslucka-kakelugnold.png","type":"image\/png"}],"twitter_card":"summary_large_image","twitter_misc":{"Ber\u00e4knad l\u00e4stid":"1 minut"},"schema":{"@context":"https:\/\/schema.org","@graph":[{"@type":"WebPage","@id":"https:\/\/www.glasluckan.se\/","url":"https:\/\/www.glasluckan.se\/","name":"M\u00e5ttanpassad glaslucka till din kakelugn - Glasluckan till din kakelugn","isPartOf":{"@id":"https:\/\/www.glasluckan.se\/#website"},"primaryImageOfPage":{"@id":"https:\/\/www.glasluckan.se\/#primaryimage"},"image":{"@id":"https:\/\/www.glasluckan.se\/#primaryimage"},"thumbnailUrl":"https:\/\/www.glasluckan.se\/wp-content\/uploads\/2024\/09\/glaslucka-kakelugnold.png","datePublished":"2024-09-06T12:16:35+00:00","dateModified":"2025-01-21T21:58:15+00:00","breadcrumb":{"@id":"https:\/\/www.glasluckan.se\/#breadcrumb"},"inLanguage":"sv-SE","potentialAction":[{"@type":"ReadAction","target":["https:\/\/www.glasluckan.se\/"]}]},{"@type":"ImageObject","inLanguage":"sv-SE","@id":"https:\/\/www.glasluckan.se\/#primaryimage","url":"https:\/\/www.glasluckan.se\/wp-content\/uploads\/2024\/09\/glaslucka-kakelugnold.png","contentUrl":"https:\/\/www.glasluckan.se\/wp-content\/uploads\/2024\/09\/glaslucka-kakelugnold.png","width":500,"height":404,"caption":"Glaslucka till kakelugn"},{"@type":"BreadcrumbList","@id":"https:\/\/www.glasluckan.se\/#breadcrumb","itemListElement":[{"@type":"ListItem","position":1,"name":"Home","item":"https:\/\/www.glasluckan.se\/"},{"@type":"ListItem","position":2,"name":"M\u00e5ttanpassad glaslucka till din kakelugn"}]},{"@type":"WebSite","@id":"https:\/\/www.glasluckan.se\/#website","url":"https:\/\/www.glasluckan.se\/","name":"Glasluckan till din kakelugn","description":"","potentialAction":[{"@type":"SearchAction","target":{"@type":"EntryPoint","urlTemplate":"https:\/\/www.glasluckan.se\/?s={search_term_string}"},"query-input":{"@type":"PropertyValueSpecification","valueRequired":true,"valueName":"search_term_string"}}],"inLanguage":"sv-SE"}]}},"_links":{"self":[{"href":"https:\/\/www.glasluckan.se\/index.php?rest_route=\/wp\/v2\/pages\/5"}],"collection":[{"href":"https:\/\/www.glasluckan.se\/index.php?rest_route=\/wp\/v2\/pages"}],"about":[{"href":"https:\/\/www.glasluckan.se\/index.php?rest_route=\/wp\/v2\/types\/page"}],"author":[{"embeddable":true,"href":"https:\/\/www.glasluckan.se\/index.php?rest_route=\/wp\/v2\/users\/1"}],"replies":[{"embeddable":true,"href":"https:\/\/www.glasluckan.se\/index.php?rest_route=%2Fwp%2Fv2%2Fcomments&post=5"}],"version-history":[{"count":4,"href":"https:\/\/www.glasluckan.se\/index.php?rest_route=\/wp\/v2\/pages\/5\/revisions"}],"predecessor-version":[{"id":158,"href":"https:\/\/www.glasluckan.se\/index.php?rest_route=\/wp\/v2\/pages\/5\/revisions\/158"}],"wp:featuredmedia":[{"embeddable":true,"href":"https:\/\/www.glasluckan.se\/index.php?rest_route=\/wp\/v2\/media\/6"}],"wp:attachment":[{"href":"https:\/\/www.glasluckan.se\/index.php?rest_route=%2Fwp%2Fv2%2Fmedia&parent=5"}],"curies":[{"name":"wp","href":"https:\/\/api.w.org\/{rel}","templated":true}]}}